{"id":1465,"date":"2025-10-15T09:12:00","date_gmt":"2025-10-15T12:12:00","guid":{"rendered":"https:\/\/isfdyt218-bue.infd.edu.ar\/sitio\/?page_id=1465"},"modified":"2025-12-15T21:45:53","modified_gmt":"2025-12-16T00:45:53","slug":"carreras-2026","status":"publish","type":"page","link":"https:\/\/isfdyt218-bue.infd.edu.ar\/sitio\/carreras-2026\/","title":{"rendered":"Carreras 2026"},"content":{"rendered":"\n<h4 class=\"wp-block-heading\"><strong>Propuesta educativa<\/strong><\/h4>\n\n\n\n<h5 class=\"wp-block-heading\"><\/h5>\n\n\n\n<figure class=\"wp-block-image\"><img decoding=\"async\" loading=\"lazy\" width=\"2560\" height=\"1280\" src=\"https:\/\/isfdyt218-bue.infd.edu.ar\/sitio\/wp-content\/uploads\/2025\/10\/Inscripcion_color_2026-scaled.jpg\" alt=\"\" class=\"wp-image-1487\" srcset=\"https:\/\/isfdyt218-bue.infd.edu.ar\/sitio\/wp-content\/uploads\/2025\/10\/Inscripcion_color_2026-scaled.jpg 2560w, https:\/\/isfdyt218-bue.infd.edu.ar\/sitio\/wp-content\/uploads\/2025\/10\/Inscripcion_color_2026-1000x500.jpg 1000w, https:\/\/isfdyt218-bue.infd.edu.ar\/sitio\/wp-content\/uploads\/2025\/10\/Inscripcion_color_2026-1900x950.jpg 1900w, https:\/\/isfdyt218-bue.infd.edu.ar\/sitio\/wp-content\/uploads\/2025\/10\/Inscripcion_color_2026-768x384.jpg 768w, https:\/\/isfdyt218-bue.infd.edu.ar\/sitio\/wp-content\/uploads\/2025\/10\/Inscripcion_color_2026-1536x768.jpg 1536w, https:\/\/isfdyt218-bue.infd.edu.ar\/sitio\/wp-content\/uploads\/2025\/10\/Inscripcion_color_2026-2048x1024.jpg 2048w\" sizes=\"(max-width: 2560px) 100vw, 2560px\" \/><\/figure>\n\n\n\n<p><\/p>\n\n\n\n<h1 class=\"wp-block-heading\">Profesorado de Educaci\u00f3n Inicial Res. N\u00b0 4154\/07<\/h1>\n\n\n\n<h2 class=\"wp-block-heading\">Pre inscripci\u00f3n a primer a\u00f1o<\/h2>\n\n\n\n<p><\/p>\n\n\n\n<h4 class=\"wp-block-heading\"><strong>Documentaci\u00f3n a presentar y fechas de pre inscripci\u00f3n e inscripci\u00f3n 2026.<\/strong><\/h4>\n\n\n\n<p>Se realizar\u00e1 la pre inscripci\u00f3n a partir del 03 de noviembre 2025 al 28 de noviembre 2025 en el edificio del instituto ubicado en calle 9 de Julio N\u00b0 1573 esquina calle Larraburu (puerta de ingreso al instituto se ubica en esta calle), planta alta.<\/p>\n\n\n\n<p><strong>Horario:<\/strong> de lunes a viernes de 18:30 hs. a 21:00 hs.<\/p>\n\n\n\n<p><strong>Duraci\u00f3n: 4 a\u00f1os<\/strong><\/p>\n\n\n\n<p><strong>Carrera de Ciclo Cerrado<\/strong> (es la \u00faltima cohorte que se abrir\u00e1 en el distrito)<\/p>\n\n\n\n<p><strong>Modalidad: Presencial<\/strong><\/p>\n\n\n\n<p>De lunes a viernes de 17:50 hs. a 22: 10 hs.<\/p>\n\n\n\n<p><strong>Inicio: 2026 \/ Finaliza: 2029<\/strong><\/p>\n\n\n\n<p>Posible inicio de cursada: en marzo de 2026. Informaci\u00f3n en&nbsp; <img decoding=\"async\" loading=\"lazy\" width=\"32\" height=\"32\" src=\"https:\/\/isfdyt218-bue.infd.edu.ar\/sitio\/wp-content\/uploads\/2023\/05\/WSP.png\" alt=\"\">&nbsp;54 2227 525315 de 18:00 hs. a 21:00 hs<\/p>\n\n\n\n<p>Informaci\u00f3n detallada sobre la carrera en el&nbsp;<a href=\"https:\/\/isfdyt218-bue.infd.edu.ar\/sitio\/profesorado-de-educacion-inicial\/\">siguiente enlace<\/a><\/p>\n\n\n\n<p><strong>CARRERAS QUE CONTIN\u00daAN<\/strong><\/p>\n\n\n\n<p><strong>Cuarto a\u00f1o<\/strong> (\u00faltimo de la carrera). <strong>Profesorado de Educaci\u00f3n Secundaria en Lengua y Literatura<\/strong>. Res. N\u00b0 1862\/17.Informaci\u00f3n detallada sobre la carrera en el&nbsp;<a href=\"https:\/\/isfdyt218-bue.infd.edu.ar\/sitio\/profesorado-de-educacion-secundaria-en-lengua-y-literatura\/\">siguiente enlace<\/a> <\/p>\n\n\n\n<p><strong>Tercer<\/strong> <strong>a\u00f1o<\/strong> (ante\u00faltimo de la carrera). <strong>Profesorado de Educaci\u00f3n Primaria<\/strong>. Res. N\u00b0 4154\/07.  Informaci\u00f3n detallada sobre la carrera en el&nbsp;<a href=\"https:\/\/isfdyt218-bue.infd.edu.ar\/sitio\/profesorado-de-educacion-primaria-2\/\">siguiente enlace<\/a><\/p>\n\n\n\n<p><strong>Tercer a\u00f1o<\/strong> (\u00faltimo de la carrera).&nbsp;<strong>Tecnicatura Superior en Administraci\u00f3n de PyMES<\/strong>. Res. N\u00b0 458\/23. Informaci\u00f3n detallada sobre la carrera en el&nbsp;<a href=\"https:\/\/isfdyt218-bue.infd.edu.ar\/sitio\/tecnicatura-superior-en-pymes\/\">siguiente enlace<\/a><\/p>\n\n\n\n<p><strong>Segundo a\u00f1o<\/strong> (ante\u00faltimo de la carrera). <strong>Tecnicatura Superior en Enfermar\u00eda<\/strong> Res. N\u00b0854\/16. Informaci\u00f3n detallada sobre la carrera en el&nbsp;<a href=\"https:\/\/isfdyt218-bue.infd.edu.ar\/sitio\/tecnicatura-superior-en-enfermeria\/\">siguiente enlace<\/a><\/p>\n\n\n\n<p><\/p>\n\n\n\n<h4 class=\"wp-block-heading\">La inscripci\u00f3n\/matriculaci\u00f3n<\/h4>\n\n\n\n<h6 class=\"wp-block-heading\">Se realiza presentando:<\/h6>\n\n\n\n<ol>\n<li>Fotocopia de<strong>&nbsp;D.N.I.<\/strong> (frente y dorso).<\/li>\n\n\n\n<li>Ficha de inscripci\u00f3n (son 2 planillas)\u00a0<a href=\"https:\/\/isfdyt218-bue.infd.edu.ar\/sitio\/wp-content\/uploads\/2025\/02\/2025-Planilla-de-inscripcion.pdf\">planilla 1<\/a>\u00a0y\u00a0<a href=\"https:\/\/isfdyt218-bue.infd.edu.ar\/sitio\/wp-content\/uploads\/2025\/02\/2025-Planilla_Inscripcion_UC.pdf\">planilla 2<\/a>\u00a0a presentar.<\/li>\n\n\n\n<li>T\u00edtulo Secundario original y fotocopia o constancia de t\u00edtulo en tr\u00e1mite (original) o constancia de finalizaci\u00f3n de cursada (original).<\/li>\n\n\n\n<li>2 (Dos) Foto Carnet.<\/li>\n\n\n\n<li>Certificado de salud (<a href=\"https:\/\/isfdyt218-bue.infd.edu.ar\/sitio\/wp-content\/uploads\/2025\/02\/Ficha_Salud_Alumnos.pdf\">imprimir<\/a>&nbsp;y completar por un m\u00e9dico).<\/li>\n\n\n\n<li>Fotocopia de partida de nacimiento.<\/li>\n<\/ol>\n\n\n\n<p><strong>\u2013<\/strong>La documentaci\u00f3n debe ser entregada en folio oficio.<br><strong>\u2013A partir del 01 de diciembre 2025 al 06 de marzo 2026 todo\/a estudiante debe confirmar su INSCRIPCI\u00d3N A LA CARRERA de PROFESORADO DE EDUCACI\u00d3N INICIAL RES. N\u00b04154\/07 de manera presencial en el Instituto ubicado en calle 9 de Julio N\u00b0 1573 esquina calle Larraburu (puerta de ingreso al instituto se ubica en esta calle), planta alta.<\/strong><\/p>\n\n\n\n<p><\/p>\n\n\n\n<p>Horario: de lunes a viernes de 18:30 hs. a 21:00 hs.<\/p>\n\n\n\n<p>En el momento de entrega de la documentaci\u00f3n, se aceptar\u00e1 el pago voluntario de la Asociaci\u00f3n Cooperadora, la cuota anual es de $20.000 de colaboraci\u00f3n.<\/p>\n\n\n\n<p>Se puede realizar una transferencia a:&nbsp; la cuenta de la ASOC COOP INST SUP NRO 218<br>Solicitar Alias al delegado\/a del curso<br>O realizar el abono en el instituto.<\/p>\n\n\n\n<p>En caso de transferencia, por favor enviar imagen del comprobante al correo electr\u00f3nico de la Asoc. Cooperadora: cooperadorainstituto218@gmail.com &nbsp;y mostrar el mismo junto con la documentaci\u00f3n de inscripci\u00f3n<\/p>\n","protected":false},"excerpt":{"rendered":"<p>Propuesta educativa Profesorado de Educaci\u00f3n Inicial Res. N\u00b0 4154\/07 Pre inscripci\u00f3n a primer a\u00f1o Documentaci\u00f3n a presentar y fechas de pre inscripci\u00f3n e inscripci\u00f3n 2026. Se realizar\u00e1 la pre inscripci\u00f3n a partir del 03 de noviembre 2025 al 28 de noviembre 2025 en el edificio del instituto ubicado en calle 9 de Julio N\u00b0 1573 &#8230; <a title=\"Carreras 2026\" class=\"read-more\" href=\"https:\/\/isfdyt218-bue.infd.edu.ar\/sitio\/carreras-2026\/\" aria-label=\"More on Carreras 2026\">[+]<\/a><\/p>\n","protected":false},"author":11,"featured_media":0,"parent":0,"menu_order":0,"comment_status":"closed","ping_status":"closed","template":"","meta":[],"acf":[],"_links":{"self":[{"href":"https:\/\/isfdyt218-bue.infd.edu.ar\/sitio\/wp-json\/wp\/v2\/pages\/1465"}],"collection":[{"href":"https:\/\/isfdyt218-bue.infd.edu.ar\/sitio\/wp-json\/wp\/v2\/pages"}],"about":[{"href":"https:\/\/isfdyt218-bue.infd.edu.ar\/sitio\/wp-json\/wp\/v2\/types\/page"}],"author":[{"embeddable":true,"href":"https:\/\/isfdyt218-bue.infd.edu.ar\/sitio\/wp-json\/wp\/v2\/users\/11"}],"replies":[{"embeddable":true,"href":"https:\/\/isfdyt218-bue.infd.edu.ar\/sitio\/wp-json\/wp\/v2\/comments?post=1465"}],"version-history":[{"count":23,"href":"https:\/\/isfdyt218-bue.infd.edu.ar\/sitio\/wp-json\/wp\/v2\/pages\/1465\/revisions"}],"predecessor-version":[{"id":1621,"href":"https:\/\/isfdyt218-bue.infd.edu.ar\/sitio\/wp-json\/wp\/v2\/pages\/1465\/revisions\/1621"}],"wp:attachment":[{"href":"https:\/\/isfdyt218-bue.infd.edu.ar\/sitio\/wp-json\/wp\/v2\/media?parent=1465"}],"curies":[{"name":"wp","href":"https:\/\/api.w.org\/{rel}","templated":true}]}}